{"id":4924,"date":"2023-10-25T15:27:49","date_gmt":"2023-10-25T13:27:49","guid":{"rendered":"https:\/\/doctorfernandopifarre.com\/centro-de-podologia-lerida\/"},"modified":"2023-10-25T15:50:33","modified_gmt":"2023-10-25T13:50:33","slug":"centro-de-podologia-lerida","status":"publish","type":"page","link":"https:\/\/doctorfernandopifarre.com\/es\/centro-de-podologia-lerida\/","title":{"rendered":"Centro de podolog\u00eda L\u00e9rida"},"content":{"rendered":"<div class=\"wpb-content-wrapper\"><p>[vc_row css_animation=\u00bb\u00bb row_type=\u00bbrow\u00bb use_row_as_full_screen_section=\u00bbno\u00bb type=\u00bbfull_width\u00bb angled_section=\u00bbno\u00bb text_align=\u00bbleft\u00bb background_image_as_pattern=\u00bbwithout_pattern\u00bb z_index=\u00bb\u00bb side_padding=\u00bb3&#8243;][vc_column][vc_column_text]<\/p>\n<h1 style=\"text-align: center;\"><strong>CENTRO DE PODOLOGIA<\/strong><\/h1>\n<p>&nbsp;<\/p>\n<h4><\/h4>\n<h4>El centro de podolog\u00eda del doctor Fernando Pifarr\u00e9 es un centro acreditado por la Generalitat de Catalunya con el ep\u00edgrafe (E25858670) para la realizaci\u00f3n de los servicios de podolog\u00eda de nivel II (acreditaci\u00f3n podol\u00f3gica para la realizaci\u00f3n de cirug\u00eda de consulta con anestesia local y radiodiagn\u00f3stico m\u00e9dico) siendo el nombre comercial Podologia M\u00e9dica y Medicina del Deporte Dr. Fernando Pifarr\u00e9.<\/h4>\n<p>&nbsp;<\/p>\n<p>&nbsp;<\/p>\n<p>[\/vc_column_text][vc_empty_space][vc_text_separator title=\u00bbACREDITACI\u00d3N: E25858670&#8243; border=\u00bbno\u00bb][vc_empty_space height=\u00bb50px\u00bb][vc_column_text]<\/p>\n<h4>Tenemos una trayectoria de m\u00e1s de 30 a\u00f1os al servicio de la podolog\u00eda leridana. Nos caracteriza la excelencia en la formaci\u00f3n y en la profesi\u00f3n.<\/h4>\n<p>&nbsp;<\/p>\n<h4>Dispone de las siguientes instalaciones:<\/h4>\n<p>&nbsp;<\/p>\n<h2><strong>1.RECEPCI\u00d3N<\/strong><\/h2>\n<p><a href=\"https:\/\/doctorfernandopifarre.com\/wp-content\/uploads\/2023\/10\/recepcion-centro-podologico-lleida-doctor-fernando-pifarre.png\"><img loading=\"lazy\" decoding=\"async\" class=\"aligncenter size-full wp-image-4836\" src=\"https:\/\/doctorfernandopifarre.com\/wp-content\/uploads\/2023\/10\/recepcion-centro-podologico-lleida-doctor-fernando-pifarre.png\" alt=\"recepcio\u0301n centro podol\u00f3gico lleida doctor fernando pifarre\" width=\"886\" height=\"665\" srcset=\"https:\/\/doctorfernandopifarre.com\/wp-content\/uploads\/2023\/10\/recepcion-centro-podologico-lleida-doctor-fernando-pifarre.png 886w, https:\/\/doctorfernandopifarre.com\/wp-content\/uploads\/2023\/10\/recepcion-centro-podologico-lleida-doctor-fernando-pifarre-300x225.png 300w, https:\/\/doctorfernandopifarre.com\/wp-content\/uploads\/2023\/10\/recepcion-centro-podologico-lleida-doctor-fernando-pifarre-768x576.png 768w, https:\/\/doctorfernandopifarre.com\/wp-content\/uploads\/2023\/10\/recepcion-centro-podologico-lleida-doctor-fernando-pifarre-800x600.png 800w, https:\/\/doctorfernandopifarre.com\/wp-content\/uploads\/2023\/10\/recepcion-centro-podologico-lleida-doctor-fernando-pifarre-700x525.png 700w\" sizes=\"auto, (max-width: 886px) 100vw, 886px\" \/><\/a><\/p>\n<h2><strong>2.SALA DE ESPERA<\/strong><\/h2>\n\n\t\t<style type=\"text\/css\">\n\t\t\t#gallery-1 {\n\t\t\t\tmargin: auto;\n\t\t\t}\n\t\t\t#gallery-1 .gallery-item {\n\t\t\t\tfloat: left;\n\t\t\t\tmargin-top: 10px;\n\t\t\t\ttext-align: center;\n\t\t\t\twidth: 50%;\n\t\t\t}\n\t\t\t#gallery-1 img {\n\t\t\t\tborder: 2px solid #cfcfcf;\n\t\t\t}\n\t\t\t#gallery-1 .gallery-caption {\n\t\t\t\tmargin-left: 0;\n\t\t\t}\n\t\t\t\/* see gallery_shortcode() in wp-includes\/media.php *\/\n\t\t<\/style>\n\t\t<div id='gallery-1' class='gallery galleryid-4924 gallery-columns-2 gallery-size-full'><dl class='gallery-item'>\n\t\t\t<dt class='gallery-icon landscape'>\n\t\t\t\t<img loading=\"lazy\" decoding=\"async\" width=\"390\" height=\"293\" src=\"https:\/\/doctorfernandopifarre.com\/wp-content\/uploads\/2023\/10\/sala-espera-podologia-lleida-doctor-fernando-pifarre-2.png\" class=\"attachment-full size-full\" alt=\"\" srcset=\"https:\/\/doctorfernandopifarre.com\/wp-content\/uploads\/2023\/10\/sala-espera-podologia-lleida-doctor-fernando-pifarre-2.png 390w, https:\/\/doctorfernandopifarre.com\/wp-content\/uploads\/2023\/10\/sala-espera-podologia-lleida-doctor-fernando-pifarre-2-300x225.png 300w\" sizes=\"auto, (max-width: 390px) 100vw, 390px\" \/>\n\t\t\t<\/dt><\/dl><dl class='gallery-item'>\n\t\t\t<dt class='gallery-icon landscape'>\n\t\t\t\t<img loading=\"lazy\" decoding=\"async\" width=\"388\" height=\"291\" src=\"https:\/\/doctorfernandopifarre.com\/wp-content\/uploads\/2023\/10\/sala-espera-podologia-lleida-doctor-fernando-pifarre.png\" class=\"attachment-full size-full\" alt=\"\" srcset=\"https:\/\/doctorfernandopifarre.com\/wp-content\/uploads\/2023\/10\/sala-espera-podologia-lleida-doctor-fernando-pifarre.png 388w, https:\/\/doctorfernandopifarre.com\/wp-content\/uploads\/2023\/10\/sala-espera-podologia-lleida-doctor-fernando-pifarre-300x225.png 300w\" sizes=\"auto, (max-width: 388px) 100vw, 388px\" \/>\n\t\t\t<\/dt><\/dl><br style=\"clear: both\" \/>\n\t\t<\/div>\n\n<p>&nbsp;<\/p>\n<h2><strong>3.SALA DE QUIROPODIA<\/strong><\/h2>\n<h4>Disponemos de dos salas de quiropodia, una de ellas equipada con el sistema de radiolog\u00eda digital flat panel para la realizaci\u00f3n de radiolog\u00eda digital de alta resoluci\u00f3n y la otra con l\u00e1ser applied para el tratamiento de hongos en las u\u00f1as, efecto tr\u00f3fico, efecto antiinflamatorio y efecto analg\u00e9sico por lo que es \u00fatil para el tratamiento de fascitis plantar y espolones de calc\u00e1neo.<\/h4>\n<p>&nbsp;<\/p>\n<h4>En estas salas realizamos el tratamiento de quiropodia que incluye el corte y fresado de u\u00f1as y el tratamiento de las alteraciones de la piel del pie como hiperqueratosis, duricias, helomas, callosidades, verrugas plantares, as\u00ed como los problemas de sudoraci\u00f3n del pie.<\/h4>\n<p>&nbsp;<\/p>\n<h4>Tambi\u00e9n disponemos de la unidad de desinfecci\u00f3n mediante ozono de los zapatos y sandalias una vez hemos terminado de curar los hongos y verrugas plantares.<\/h4>\n<p>&nbsp;<\/p>\n<h4>Tal como dispone la legislaci\u00f3n vigente, todo el material que se utiliza esta esterilizado por lo que el riesgo de infecciones es pr\u00e1cticamente cero. Disponemos de control de temperatura de esterilizaci\u00f3n mediante tiras que viran de color al alcanzar la temperatura de esterilizaci\u00f3n<\/h4>\n<p>[\/vc_column_text][vc_empty_space][vc_row_inner row_type=\u00bbrow\u00bb type=\u00bbfull_width\u00bb text_align=\u00bbleft\u00bb css_animation=\u00bb\u00bb side_padding=\u00bb3&#8243;][vc_column_inner width=\u00bb1\/2&#8243;][vc_single_image image=\u00bb4843&#8243; img_size=\u00bblarge\u00bb add_caption=\u00bbyes\u00bb alignment=\u00bbcenter\u00bb qode_css_animation=\u00bb\u00bb][\/vc_column_inner][vc_column_inner width=\u00bb1\/2&#8243;][vc_single_image image=\u00bb4845&#8243; img_size=\u00bblarge\u00bb add_caption=\u00bbyes\u00bb alignment=\u00bbcenter\u00bb qode_css_animation=\u00bb\u00bb][\/vc_column_inner][\/vc_row_inner][vc_row_inner row_type=\u00bbrow\u00bb type=\u00bbfull_width\u00bb text_align=\u00bbleft\u00bb css_animation=\u00bb\u00bb][vc_column_inner width=\u00bb1\/2&#8243;][vc_single_image image=\u00bb4851&#8243; img_size=\u00bblarge\u00bb add_caption=\u00bbyes\u00bb alignment=\u00bbcenter\u00bb qode_css_animation=\u00bb\u00bb][\/vc_column_inner][vc_column_inner width=\u00bb1\/2&#8243;][vc_single_image image=\u00bb4853&#8243; img_size=\u00bblarge\u00bb add_caption=\u00bbyes\u00bb alignment=\u00bbcenter\u00bb qode_css_animation=\u00bb\u00bb][\/vc_column_inner][\/vc_row_inner][vc_row_inner row_type=\u00bbrow\u00bb type=\u00bbfull_width\u00bb text_align=\u00bbleft\u00bb css_animation=\u00bb\u00bb][vc_column_inner width=\u00bb1\/2&#8243;][vc_single_image image=\u00bb4856&#8243; img_size=\u00bblarge\u00bb add_caption=\u00bbyes\u00bb alignment=\u00bbcenter\u00bb qode_css_animation=\u00bb\u00bb][\/vc_column_inner][vc_column_inner width=\u00bb1\/2&#8243;][vc_single_image image=\u00bb4858&#8243; img_size=\u00bblarge\u00bb add_caption=\u00bbyes\u00bb alignment=\u00bbcenter\u00bb qode_css_animation=\u00bb\u00bb][\/vc_column_inner][\/vc_row_inner][vc_row_inner row_type=\u00bbrow\u00bb type=\u00bbfull_width\u00bb text_align=\u00bbleft\u00bb css_animation=\u00bb\u00bb][vc_column_inner width=\u00bb1\/2&#8243;][vc_single_image image=\u00bb4861&#8243; img_size=\u00bblarge\u00bb add_caption=\u00bbyes\u00bb alignment=\u00bbcenter\u00bb qode_css_animation=\u00bb\u00bb][\/vc_column_inner][vc_column_inner width=\u00bb1\/2&#8243;][\/vc_column_inner][\/vc_row_inner][\/vc_column][\/vc_row][vc_row css_animation=\u00bb\u00bb row_type=\u00bbrow\u00bb use_row_as_full_screen_section=\u00bbno\u00bb type=\u00bbfull_width\u00bb angled_section=\u00bbno\u00bb text_align=\u00bbleft\u00bb background_image_as_pattern=\u00bbwithout_pattern\u00bb z_index=\u00bb\u00bb side_padding=\u00bb3&#8243;][vc_column][vc_empty_space][vc_column_text]<\/p>\n<h2><strong>4.SALA DE BIOMEC\u00c1NICA<\/strong><\/h2>\n<p>&nbsp;<\/p>\n<h4>En esta sala realizamos los estudios biomec\u00e1nicos de la marcha por lo que disponemos de banco de marcha con plataforma de presiones colorim\u00e9trica cbs scangraf integrada y c\u00e1maras externas. Mediante esta aparataje realizamos estudios biomec\u00e1nicos est\u00e1ticos. Los estudios din\u00e1micos los realizamos en el banco de marcha donde tenemos incorporados dos c\u00e1maras externas de alta resoluci\u00f3n y en la cinta de marcha hay 3 c\u00e1maras externas de alta resoluci\u00f3n. Incorporado en el banco de marcha disponemos de la c\u00e1mara podomedel que es la \u00fanica del mercado que te permite a la hora de hacer el molde de yeso del pie tener un control de las presiones plantares.<\/h4>\n<p>&nbsp;<\/p>\n<h4>Esta sala dispone tambi\u00e9n de un ec\u00f3grafo para la realizaci\u00f3n de la ecograf\u00eda m\u00fasculo esquel\u00e9tica.<\/h4>\n<p>&nbsp;<\/p>\n<p>[\/vc_column_text][vc_row_inner row_type=\u00bbrow\u00bb type=\u00bbfull_width\u00bb text_align=\u00bbleft\u00bb css_animation=\u00bb\u00bb][vc_column_inner width=\u00bb1\/2&#8243;][vc_single_image image=\u00bb4863&#8243; img_size=\u00bblarge\u00bb add_caption=\u00bbyes\u00bb alignment=\u00bbcenter\u00bb qode_css_animation=\u00bb\u00bb][\/vc_column_inner][vc_column_inner width=\u00bb1\/2&#8243;][vc_single_image image=\u00bb4865&#8243; img_size=\u00bblarge\u00bb add_caption=\u00bbyes\u00bb alignment=\u00bbcenter\u00bb qode_css_animation=\u00bb\u00bb][\/vc_column_inner][\/vc_row_inner][vc_row_inner row_type=\u00bbrow\u00bb type=\u00bbfull_width\u00bb text_align=\u00bbleft\u00bb css_animation=\u00bb\u00bb][vc_column_inner width=\u00bb1\/2&#8243;][vc_single_image image=\u00bb4867&#8243; img_size=\u00bblarge\u00bb add_caption=\u00bbyes\u00bb alignment=\u00bbcenter\u00bb qode_css_animation=\u00bb\u00bb][\/vc_column_inner][vc_column_inner width=\u00bb1\/2&#8243;][vc_single_image image=\u00bb4869&#8243; img_size=\u00bblarge\u00bb add_caption=\u00bbyes\u00bb alignment=\u00bbcenter\u00bb qode_css_animation=\u00bb\u00bb][\/vc_column_inner][\/vc_row_inner][vc_row_inner row_type=\u00bbrow\u00bb type=\u00bbfull_width\u00bb text_align=\u00bbleft\u00bb css_animation=\u00bb\u00bb][vc_column_inner width=\u00bb1\/2&#8243;][vc_single_image image=\u00bb4872&#8243; img_size=\u00bblarge\u00bb add_caption=\u00bbyes\u00bb alignment=\u00bbcenter\u00bb qode_css_animation=\u00bb\u00bb][\/vc_column_inner][vc_column_inner width=\u00bb1\/2&#8243;][vc_single_image image=\u00bb4874&#8243; img_size=\u00bblarge\u00bb add_caption=\u00bbyes\u00bb alignment=\u00bbcenter\u00bb qode_css_animation=\u00bb\u00bb][\/vc_column_inner][\/vc_row_inner][\/vc_column][\/vc_row][vc_row css_animation=\u00bb\u00bb row_type=\u00bbrow\u00bb use_row_as_full_screen_section=\u00bbno\u00bb type=\u00bbfull_width\u00bb angled_section=\u00bbno\u00bb text_align=\u00bbleft\u00bb background_image_as_pattern=\u00bbwithout_pattern\u00bb z_index=\u00bb\u00bb side_padding=\u00bb3&#8243;][vc_column][vc_empty_space][vc_column_text]<\/p>\n<h2><strong>5.TALLER PROPIO<\/strong><\/h2>\n<p>&nbsp;<\/p>\n<h4>La consulta esta equipada con un taller propio que dispone de dos hornos y un vacum para la adaptaci\u00f3n de nuestras propias plantillas. La posibilidad de disponer de taller propio nos permite confeccionar nuestras propias plantillas por lo que la adaptaci\u00f3n de estas al pie y al zapato del paciente es perfecta. Al realizar nuestras propias plantillas a mano, podemos hacer los retoques pertinentes de las mismas, cosa que en los sistemas robotizados o de laboratorio no se pueden hacer.<\/h4>\n<p>&nbsp;<\/p>\n<h4>Disponemos tambi\u00e9n de un l\u00e1ser para el escaneado de nuestros moldes por si en alg\u00fan momento necesitamos realizar alguna plantilla mediante impresora 3D.<\/h4>\n<p>&nbsp;<\/p>\n<h4>Nuestro taller esta equipado con la aparatolog\u00eda suficiente para la realizaci\u00f3n de todos los tipos de plantillas que existen en el mercado: por elementos o Lel\u00ecevre (escuela francesa), termoadaptable en resinas, en termopl\u00e1sticos, Evas (mediante molde de yeso) o previo escaneo y confecci\u00f3n en impresora 3D.<\/h4>\n<p>&nbsp;<\/p>\n<h4>El taller dispone de una sala con dos pulidoras para permitir un acabado perfecto de nuestras plantillas.<\/h4>\n<p>[\/vc_column_text][vc_empty_space][vc_text_separator title=\u00bbNUESTRO TALLER NOS PERMITE PODER REALIZAR LOS TRES TIPOS DE PLANTILLAS QUE EXISTEN EN EL MERCADO\u00bb border=\u00bbno\u00bb][vc_empty_space][vc_row_inner row_type=\u00bbrow\u00bb type=\u00bbfull_width\u00bb text_align=\u00bbleft\u00bb css_animation=\u00bb\u00bb][vc_column_inner width=\u00bb1\/2&#8243;][vc_single_image image=\u00bb4877&#8243; img_size=\u00bblarge\u00bb add_caption=\u00bbyes\u00bb alignment=\u00bbcenter\u00bb qode_css_animation=\u00bb\u00bb][\/vc_column_inner][vc_column_inner width=\u00bb1\/2&#8243;][vc_single_image image=\u00bb4879&#8243; img_size=\u00bblarge\u00bb add_caption=\u00bbyes\u00bb alignment=\u00bbcenter\u00bb qode_css_animation=\u00bb\u00bb][\/vc_column_inner][\/vc_row_inner][vc_row_inner row_type=\u00bbrow\u00bb type=\u00bbfull_width\u00bb text_align=\u00bbleft\u00bb css_animation=\u00bb\u00bb][vc_column_inner width=\u00bb1\/2&#8243;][vc_single_image image=\u00bb4881&#8243; img_size=\u00bblarge\u00bb add_caption=\u00bbyes\u00bb alignment=\u00bbcenter\u00bb qode_css_animation=\u00bb\u00bb][\/vc_column_inner][vc_column_inner width=\u00bb1\/2&#8243;][vc_single_image image=\u00bb4883&#8243; img_size=\u00bblarge\u00bb add_caption=\u00bbyes\u00bb alignment=\u00bbcenter\u00bb qode_css_animation=\u00bb\u00bb][\/vc_column_inner][\/vc_row_inner][\/vc_column][\/vc_row][vc_row css_animation=\u00bb\u00bb row_type=\u00bbrow\u00bb use_row_as_full_screen_section=\u00bbno\u00bb type=\u00bbfull_width\u00bb angled_section=\u00bbno\u00bb text_align=\u00bbleft\u00bb background_image_as_pattern=\u00bbwithout_pattern\u00bb z_index=\u00bb\u00bb side_padding=\u00bb3&#8243;][vc_column][vc_empty_space][vc_column_text]<\/p>\n<h2><strong>6.QUIR\u00d3FANO<\/strong><\/h2>\n<p>&nbsp;<\/p>\n<h4>Tenemos un quir\u00f3fano para la realizaci\u00f3n de cirug\u00eda de consulta legalizado. Las t\u00e9cnicas quir\u00fargicas que utilizamos son exclusivamente con anestesia local y de m\u00ednima incisi\u00f3n. Tambi\u00e9n disponemos de \u00f3xido nitroso para la realizaci\u00f3n de una sedaci\u00f3n consciente o ansiolisis.<\/h4>\n<p>&nbsp;<\/p>\n<h4>Para la realizaci\u00f3n de la cirug\u00eda de m\u00ednima incisi\u00f3n disponemos de dos motores de cirug\u00eda: motor Osada con dos piezas de mano y motor Ben Air con tres piezas de mano.<\/h4>\n<p>&nbsp;<\/p>\n<h4>Tambi\u00e9n disponemos de fluoroscopio imprescindible para la realizaci\u00f3n de la cirug\u00eda percut\u00e1nea o de m\u00ednima incisi\u00f3n.<\/h4>\n<p>&nbsp;<\/p>\n<h4>El quir\u00f3fano dispone de un malet\u00edn de reanimaci\u00f3n con la medicaci\u00f3n apropiada y un desfibrilador semiautom\u00e1tico para poder actuar ante situaciones adversas.<\/h4>\n<p>&nbsp;<\/p>\n<h4>En el quir\u00f3fano tambi\u00e9n realizamos las infiltraciones de corticoides, \u00e1cido hialur\u00f3nico y factores de crecimiento (PPR) mediante control radiogr\u00e1fico por lo que el \u00e9xito de estas infiltraciones es muy alto.<\/h4>\n<p>[\/vc_column_text][vc_row_inner row_type=\u00bbrow\u00bb type=\u00bbfull_width\u00bb text_align=\u00bbleft\u00bb css_animation=\u00bb\u00bb][vc_column_inner width=\u00bb1\/2&#8243;][vc_single_image image=\u00bb4886&#8243; img_size=\u00bblarge\u00bb add_caption=\u00bbyes\u00bb alignment=\u00bbcenter\u00bb qode_css_animation=\u00bb\u00bb][\/vc_column_inner][vc_column_inner width=\u00bb1\/2&#8243;][vc_single_image image=\u00bb4888&#8243; img_size=\u00bblarge\u00bb add_caption=\u00bbyes\u00bb alignment=\u00bbcenter\u00bb qode_css_animation=\u00bb\u00bb][\/vc_column_inner][\/vc_row_inner][vc_row_inner row_type=\u00bbrow\u00bb type=\u00bbfull_width\u00bb text_align=\u00bbleft\u00bb css_animation=\u00bb\u00bb][vc_column_inner width=\u00bb1\/2&#8243;][vc_single_image image=\u00bb4890&#8243; img_size=\u00bblarge\u00bb add_caption=\u00bbyes\u00bb alignment=\u00bbcenter\u00bb qode_css_animation=\u00bb\u00bb][\/vc_column_inner][vc_column_inner width=\u00bb1\/2&#8243;][vc_single_image image=\u00bb4892&#8243; img_size=\u00bblarge\u00bb add_caption=\u00bbyes\u00bb alignment=\u00bbcenter\u00bb qode_css_animation=\u00bb\u00bb][\/vc_column_inner][\/vc_row_inner][vc_row_inner row_type=\u00bbrow\u00bb type=\u00bbfull_width\u00bb text_align=\u00bbleft\u00bb css_animation=\u00bb\u00bb][vc_column_inner width=\u00bb1\/2&#8243;][vc_single_image image=\u00bb4894&#8243; img_size=\u00bblarge\u00bb add_caption=\u00bbyes\u00bb alignment=\u00bbcenter\u00bb qode_css_animation=\u00bb\u00bb][\/vc_column_inner][vc_column_inner width=\u00bb1\/2&#8243;][vc_single_image image=\u00bb4896&#8243; img_size=\u00bblarge\u00bb add_caption=\u00bbyes\u00bb alignment=\u00bbcenter\u00bb qode_css_animation=\u00bb\u00bb][\/vc_column_inner][\/vc_row_inner][vc_row_inner row_type=\u00bbrow\u00bb type=\u00bbfull_width\u00bb text_align=\u00bbleft\u00bb css_animation=\u00bb\u00bb][vc_column_inner width=\u00bb1\/2&#8243;][vc_single_image image=\u00bb4898&#8243; img_size=\u00bblarge\u00bb add_caption=\u00bbyes\u00bb alignment=\u00bbcenter\u00bb qode_css_animation=\u00bb\u00bb][\/vc_column_inner][vc_column_inner width=\u00bb1\/2&#8243;][vc_single_image image=\u00bb4900&#8243; img_size=\u00bblarge\u00bb add_caption=\u00bbyes\u00bb alignment=\u00bbcenter\u00bb qode_css_animation=\u00bb\u00bb][\/vc_column_inner][\/vc_row_inner][\/vc_column][\/vc_row][vc_row css_animation=\u00bb\u00bb row_type=\u00bbrow\u00bb use_row_as_full_screen_section=\u00bbno\u00bb type=\u00bbfull_width\u00bb angled_section=\u00bbno\u00bb text_align=\u00bbleft\u00bb background_image_as_pattern=\u00bbwithout_pattern\u00bb z_index=\u00bb\u00bb side_padding=\u00bb3&#8243;][vc_column][vc_empty_space][vc_column_text]<\/p>\n<h2><strong>7.RESUMEN<\/strong><\/h2>\n<p>&nbsp;<\/p>\n<h4>El centro de podolog\u00eda del Dr. Fernando Pifarr\u00e9, dispone de unas instalaciones modernas, sin barreras arquitect\u00f3nicas y con todos los equipamientos necesarios para el tratamiento podol\u00f3gico integral de un paciente sin que este tenga que ser derivado para hacerse una simple radiograf\u00eda en un centro hospitalario. Somos el \u00fanico centro de L\u00e9rida que dispone pr\u00e1cticamente de todas las tecnolog\u00edas de diagn\u00f3stico y tratamiento podol\u00f3gico. Todo ello nos permite ofrecer una podolog\u00eda avanzada y ser exclusivos en L\u00e9rida. Disponemos de todos los permisos imprescindibles, as\u00ed como todas las acreditaciones necesarias (sanitarias, radiol\u00f3gicas) que garantizan los est\u00e1ndares de calidad que se merecen nuestros pacientes.<\/h4>\n<p>&nbsp;<\/p>\n<p>[\/vc_column_text][vc_empty_space][vc_text_separator title=\u00bbDISPONEMOS DE TODOS LOS PERMISOS Y ACREDITACIONES NECESARIOS QUE GARANTIZAN LA SEGURIDAD DE LOS PACIENTES\u00bb border=\u00bbno\u00bb][vc_empty_space][\/vc_column][\/vc_row][vc_row css_animation=\u00bb\u00bb row_type=\u00bbrow\u00bb use_row_as_full_screen_section=\u00bbno\u00bb type=\u00bbfull_width\u00bb angled_section=\u00bbno\u00bb text_align=\u00bbleft\u00bb background_image_as_pattern=\u00bbwithout_pattern\u00bb][vc_column width=\u00bb1\/3&#8243;][\/vc_column][vc_column width=\u00bb1\/3&#8243;][vc_single_image image=\u00bb4904&#8243; img_size=\u00bblarge\u00bb add_caption=\u00bbyes\u00bb alignment=\u00bbcenter\u00bb qode_css_animation=\u00bb\u00bb][vc_empty_space][\/vc_column][vc_column width=\u00bb1\/3&#8243;][\/vc_column][\/vc_row][vc_row css_animation=\u00bb\u00bb row_type=\u00bbrow\u00bb use_row_as_full_screen_section=\u00bbno\u00bb type=\u00bbfull_width\u00bb angled_section=\u00bbno\u00bb text_align=\u00bbleft\u00bb background_image_as_pattern=\u00bbwithout_pattern\u00bb z_index=\u00bb\u00bb side_padding=\u00bb3&#8243;][vc_column][vc_column_text]<\/p>\n<h2><strong>8.ACTOS PODOL\u00d3GICOS QUE HACEMOS<\/strong><\/h2>\n<h4><\/h4>\n<ol>\n<li>\n<h4>Tratamiento de callosidades, duricias, corte y fresado de u\u00f1as<\/h4>\n<\/li>\n<li>\n<h4>Tratamiento de verrugas plantares y de hongos<\/h4>\n<\/li>\n<li>\n<h4>Estudios de la pisada, confecci\u00f3n de plantillas de todos los tipos<\/h4>\n<\/li>\n<li>\n<h4>Ecograf\u00eda m\u00fasculo esquel\u00e9tica<\/h4>\n<\/li>\n<li>\n<h4>Tratamiento de l\u00e1ser para hongos en las u\u00f1as<\/h4>\n<\/li>\n<li>\n<h4>Tratamiento de l\u00e1ser como analg\u00e9sico en fascitis plantares<\/h4>\n<\/li>\n<li>\n<h4>Cirug\u00eda de la u\u00f1a, dedos en martillo, de las callosidades y juanetes<\/h4>\n<\/li>\n<li>\n<h4>Ortesis de silicona<\/h4>\n<\/li>\n<li>\n<h4>Podolog\u00eda pedi\u00e1trica<\/h4>\n<\/li>\n<\/ol>\n<p>&nbsp;<\/p>\n<p>&nbsp;<\/p>\n<p>[\/vc_column_text][vc_empty_space][\/vc_column][\/vc_row]<\/p>\n<\/div>","protected":false},"excerpt":{"rendered":"<p>[vc_row css_animation=\u00bb\u00bb row_type=\u00bbrow\u00bb use_row_as_full_screen_section=\u00bbno\u00bb type=\u00bbfull_width\u00bb angled_section=\u00bbno\u00bb text_align=\u00bbleft\u00bb background_image_as_pattern=\u00bbwithout_pattern\u00bb z_index=\u00bb\u00bb side_padding=\u00bb3&#8243;][vc_column][vc_column_text] CENTRO DE PODOLOGIA &nbsp; El centro de podolog\u00eda del doctor Fernando Pifarr\u00e9 es un centro acreditado por la Generalitat de Catalunya con el ep\u00edgrafe (E25858670) para la realizaci\u00f3n de los servicios de podolog\u00eda de nivel&#8230;<\/p>\n","protected":false},"author":1,"featured_media":4836,"parent":0,"menu_order":0,"comment_status":"closed","ping_status":"closed","template":"full_width.php","meta":{"footnotes":""},"class_list":["post-4924","page","type-page","status-publish","has-post-thumbnail","hentry"],"yoast_head":"<!-- This site is optimized with the Yoast SEO plugin v27.2 - https:\/\/yoast.com\/product\/yoast-seo-wordpress\/ -->\n<title>Centro de podolog\u00eda L\u00e9rida - Doctor Fernando Pifarr\u00e9<\/title>\n<meta name=\"description\" content=\"El centro de podolog\u00eda en Lleida, doctor Fernando Pifarr\u00e9 es un centro para los servicios de podolog\u00eda, realizaci\u00f3n de cirug\u00eda de consulta y radiodiagn\u00f3stico m\u00e9dico.\" \/>\n<meta name=\"robots\" content=\"index, follow, max-snippet:-1, max-image-preview:large, max-video-preview:-1\" \/>\n<link rel=\"canonical\" href=\"https:\/\/doctorfernandopifarre.com\/es\/centro-de-podologia-lerida\/\" \/>\n<meta property=\"og:locale\" content=\"es_ES\" \/>\n<meta property=\"og:type\" content=\"article\" \/>\n<meta property=\"og:title\" content=\"Centro de podolog\u00eda L\u00e9rida - Doctor Fernando Pifarr\u00e9\" \/>\n<meta property=\"og:description\" content=\"El centro de podolog\u00eda en Lleida, doctor Fernando Pifarr\u00e9 es un centro para los servicios de podolog\u00eda, realizaci\u00f3n de cirug\u00eda de consulta y radiodiagn\u00f3stico m\u00e9dico.\" \/>\n<meta property=\"og:url\" content=\"https:\/\/doctorfernandopifarre.com\/es\/centro-de-podologia-lerida\/\" \/>\n<meta property=\"og:site_name\" content=\"Doctor Fernando Pifarr\u00e9\" \/>\n<meta property=\"article:modified_time\" content=\"2023-10-25T13:50:33+00:00\" \/>\n<meta property=\"og:image\" content=\"https:\/\/doctorfernandopifarre.com\/wp-content\/uploads\/2023\/10\/recepcion-centro-podologico-lleida-doctor-fernando-pifarre.png\" \/>\n\t<meta property=\"og:image:width\" content=\"886\" \/>\n\t<meta property=\"og:image:height\" content=\"665\" \/>\n\t<meta property=\"og:image:type\" content=\"image\/png\" \/>\n<meta name=\"twitter:card\" content=\"summary_large_image\" \/>\n<meta name=\"twitter:site\" content=\"@fernandopifarre\" \/>\n<meta name=\"twitter:label1\" content=\"Tiempo de lectura\" \/>\n\t<meta name=\"twitter:data1\" content=\"7 minutos\" \/>\n<script type=\"application\/ld+json\" class=\"yoast-schema-graph\">{\"@context\":\"https:\/\/schema.org\",\"@graph\":[{\"@type\":\"WebPage\",\"@id\":\"https:\/\/doctorfernandopifarre.com\/es\/centro-de-podologia-lerida\/\",\"url\":\"https:\/\/doctorfernandopifarre.com\/es\/centro-de-podologia-lerida\/\",\"name\":\"Centro de podolog\u00eda L\u00e9rida - Doctor Fernando Pifarr\u00e9\",\"isPartOf\":{\"@id\":\"https:\/\/doctorfernandopifarre.com\/es\/#website\"},\"primaryImageOfPage\":{\"@id\":\"https:\/\/doctorfernandopifarre.com\/es\/centro-de-podologia-lerida\/#primaryimage\"},\"image\":{\"@id\":\"https:\/\/doctorfernandopifarre.com\/es\/centro-de-podologia-lerida\/#primaryimage\"},\"thumbnailUrl\":\"https:\/\/doctorfernandopifarre.com\/wp-content\/uploads\/2023\/10\/recepcion-centro-podologico-lleida-doctor-fernando-pifarre.png\",\"datePublished\":\"2023-10-25T13:27:49+00:00\",\"dateModified\":\"2023-10-25T13:50:33+00:00\",\"description\":\"El centro de podolog\u00eda en Lleida, doctor Fernando Pifarr\u00e9 es un centro para los servicios de podolog\u00eda, realizaci\u00f3n de cirug\u00eda de consulta y radiodiagn\u00f3stico m\u00e9dico.\",\"breadcrumb\":{\"@id\":\"https:\/\/doctorfernandopifarre.com\/es\/centro-de-podologia-lerida\/#breadcrumb\"},\"inLanguage\":\"es\",\"potentialAction\":[{\"@type\":\"ReadAction\",\"target\":[\"https:\/\/doctorfernandopifarre.com\/es\/centro-de-podologia-lerida\/\"]}]},{\"@type\":\"ImageObject\",\"inLanguage\":\"es\",\"@id\":\"https:\/\/doctorfernandopifarre.com\/es\/centro-de-podologia-lerida\/#primaryimage\",\"url\":\"https:\/\/doctorfernandopifarre.com\/wp-content\/uploads\/2023\/10\/recepcion-centro-podologico-lleida-doctor-fernando-pifarre.png\",\"contentUrl\":\"https:\/\/doctorfernandopifarre.com\/wp-content\/uploads\/2023\/10\/recepcion-centro-podologico-lleida-doctor-fernando-pifarre.png\",\"width\":886,\"height\":665,\"caption\":\"recepcio\u0301n centro podolo\u0301gico lleida doctor fernando pifarre\"},{\"@type\":\"BreadcrumbList\",\"@id\":\"https:\/\/doctorfernandopifarre.com\/es\/centro-de-podologia-lerida\/#breadcrumb\",\"itemListElement\":[{\"@type\":\"ListItem\",\"position\":1,\"name\":\"Inici\",\"item\":\"https:\/\/doctorfernandopifarre.com\/es\/\"},{\"@type\":\"ListItem\",\"position\":2,\"name\":\"Centro de podolog\u00eda L\u00e9rida\"}]},{\"@type\":\"WebSite\",\"@id\":\"https:\/\/doctorfernandopifarre.com\/es\/#website\",\"url\":\"https:\/\/doctorfernandopifarre.com\/es\/\",\"name\":\"Doctor Fernando Pifarr\u00e9\",\"description\":\"Pod\u00f3logo en L\u00e9rida Dr Fernando Pifarre, contamos con un equipo de profesionales de la podolog\u00eda y revisiones deportivas con amplia experiencia.\",\"publisher\":{\"@id\":\"https:\/\/doctorfernandopifarre.com\/es\/#\/schema\/person\/cb8a61302a753c52201b00abd0ccc993\"},\"potentialAction\":[{\"@type\":\"SearchAction\",\"target\":{\"@type\":\"EntryPoint\",\"urlTemplate\":\"https:\/\/doctorfernandopifarre.com\/es\/?s={search_term_string}\"},\"query-input\":{\"@type\":\"PropertyValueSpecification\",\"valueRequired\":true,\"valueName\":\"search_term_string\"}}],\"inLanguage\":\"es\"},{\"@type\":[\"Person\",\"Organization\"],\"@id\":\"https:\/\/doctorfernandopifarre.com\/es\/#\/schema\/person\/cb8a61302a753c52201b00abd0ccc993\",\"name\":\"fpifarre\",\"image\":{\"@type\":\"ImageObject\",\"inLanguage\":\"es\",\"@id\":\"https:\/\/doctorfernandopifarre.com\/wp-content\/uploads\/2023\/02\/favicon.png\",\"url\":\"https:\/\/doctorfernandopifarre.com\/wp-content\/uploads\/2023\/02\/favicon.png\",\"contentUrl\":\"https:\/\/doctorfernandopifarre.com\/wp-content\/uploads\/2023\/02\/favicon.png\",\"width\":366,\"height\":502,\"caption\":\"fpifarre\"},\"logo\":{\"@id\":\"https:\/\/doctorfernandopifarre.com\/wp-content\/uploads\/2023\/02\/favicon.png\"},\"description\":\"Dr. en Medicina i Cirurgia (Facultat medicina UdL) metge especialista via MIR en medicina del'educaci\u00f3 f\u00edsica i l'esport (Hospital Cl\u00ednic. Barcelona). Diplomat Universitari en Podologia (UB. Campus de Bellvitge). T\u00e8cnic ortop\u00e8dic oficial (UB. Hospital Cl\u00ednic Barcelona). Cap del servei Medicina Esportiva. Generalitat Catalunya a Lleida. CAP 11 de Setembre Professor Biomec\u00e0nica. (UdL. Universitat Central de Catalunya)\",\"sameAs\":[\"http:\/\/doctorfernandopifarre.com\"]}]}<\/script>\n<!-- \/ Yoast SEO plugin. -->","yoast_head_json":{"title":"Centro de podolog\u00eda L\u00e9rida - Doctor Fernando Pifarr\u00e9","description":"El centro de podolog\u00eda en Lleida, doctor Fernando Pifarr\u00e9 es un centro para los servicios de podolog\u00eda, realizaci\u00f3n de cirug\u00eda de consulta y radiodiagn\u00f3stico m\u00e9dico.","robots":{"index":"index","follow":"follow","max-snippet":"max-snippet:-1","max-image-preview":"max-image-preview:large","max-video-preview":"max-video-preview:-1"},"canonical":"https:\/\/doctorfernandopifarre.com\/es\/centro-de-podologia-lerida\/","og_locale":"es_ES","og_type":"article","og_title":"Centro de podolog\u00eda L\u00e9rida - Doctor Fernando Pifarr\u00e9","og_description":"El centro de podolog\u00eda en Lleida, doctor Fernando Pifarr\u00e9 es un centro para los servicios de podolog\u00eda, realizaci\u00f3n de cirug\u00eda de consulta y radiodiagn\u00f3stico m\u00e9dico.","og_url":"https:\/\/doctorfernandopifarre.com\/es\/centro-de-podologia-lerida\/","og_site_name":"Doctor Fernando Pifarr\u00e9","article_modified_time":"2023-10-25T13:50:33+00:00","og_image":[{"width":886,"height":665,"url":"https:\/\/doctorfernandopifarre.com\/wp-content\/uploads\/2023\/10\/recepcion-centro-podologico-lleida-doctor-fernando-pifarre.png","type":"image\/png"}],"twitter_card":"summary_large_image","twitter_site":"@fernandopifarre","twitter_misc":{"Tiempo de lectura":"7 minutos"},"schema":{"@context":"https:\/\/schema.org","@graph":[{"@type":"WebPage","@id":"https:\/\/doctorfernandopifarre.com\/es\/centro-de-podologia-lerida\/","url":"https:\/\/doctorfernandopifarre.com\/es\/centro-de-podologia-lerida\/","name":"Centro de podolog\u00eda L\u00e9rida - Doctor Fernando Pifarr\u00e9","isPartOf":{"@id":"https:\/\/doctorfernandopifarre.com\/es\/#website"},"primaryImageOfPage":{"@id":"https:\/\/doctorfernandopifarre.com\/es\/centro-de-podologia-lerida\/#primaryimage"},"image":{"@id":"https:\/\/doctorfernandopifarre.com\/es\/centro-de-podologia-lerida\/#primaryimage"},"thumbnailUrl":"https:\/\/doctorfernandopifarre.com\/wp-content\/uploads\/2023\/10\/recepcion-centro-podologico-lleida-doctor-fernando-pifarre.png","datePublished":"2023-10-25T13:27:49+00:00","dateModified":"2023-10-25T13:50:33+00:00","description":"El centro de podolog\u00eda en Lleida, doctor Fernando Pifarr\u00e9 es un centro para los servicios de podolog\u00eda, realizaci\u00f3n de cirug\u00eda de consulta y radiodiagn\u00f3stico m\u00e9dico.","breadcrumb":{"@id":"https:\/\/doctorfernandopifarre.com\/es\/centro-de-podologia-lerida\/#breadcrumb"},"inLanguage":"es","potentialAction":[{"@type":"ReadAction","target":["https:\/\/doctorfernandopifarre.com\/es\/centro-de-podologia-lerida\/"]}]},{"@type":"ImageObject","inLanguage":"es","@id":"https:\/\/doctorfernandopifarre.com\/es\/centro-de-podologia-lerida\/#primaryimage","url":"https:\/\/doctorfernandopifarre.com\/wp-content\/uploads\/2023\/10\/recepcion-centro-podologico-lleida-doctor-fernando-pifarre.png","contentUrl":"https:\/\/doctorfernandopifarre.com\/wp-content\/uploads\/2023\/10\/recepcion-centro-podologico-lleida-doctor-fernando-pifarre.png","width":886,"height":665,"caption":"recepcio\u0301n centro podolo\u0301gico lleida doctor fernando pifarre"},{"@type":"BreadcrumbList","@id":"https:\/\/doctorfernandopifarre.com\/es\/centro-de-podologia-lerida\/#breadcrumb","itemListElement":[{"@type":"ListItem","position":1,"name":"Inici","item":"https:\/\/doctorfernandopifarre.com\/es\/"},{"@type":"ListItem","position":2,"name":"Centro de podolog\u00eda L\u00e9rida"}]},{"@type":"WebSite","@id":"https:\/\/doctorfernandopifarre.com\/es\/#website","url":"https:\/\/doctorfernandopifarre.com\/es\/","name":"Doctor Fernando Pifarr\u00e9","description":"Pod\u00f3logo en L\u00e9rida Dr Fernando Pifarre, contamos con un equipo de profesionales de la podolog\u00eda y revisiones deportivas con amplia experiencia.","publisher":{"@id":"https:\/\/doctorfernandopifarre.com\/es\/#\/schema\/person\/cb8a61302a753c52201b00abd0ccc993"},"potentialAction":[{"@type":"SearchAction","target":{"@type":"EntryPoint","urlTemplate":"https:\/\/doctorfernandopifarre.com\/es\/?s={search_term_string}"},"query-input":{"@type":"PropertyValueSpecification","valueRequired":true,"valueName":"search_term_string"}}],"inLanguage":"es"},{"@type":["Person","Organization"],"@id":"https:\/\/doctorfernandopifarre.com\/es\/#\/schema\/person\/cb8a61302a753c52201b00abd0ccc993","name":"fpifarre","image":{"@type":"ImageObject","inLanguage":"es","@id":"https:\/\/doctorfernandopifarre.com\/wp-content\/uploads\/2023\/02\/favicon.png","url":"https:\/\/doctorfernandopifarre.com\/wp-content\/uploads\/2023\/02\/favicon.png","contentUrl":"https:\/\/doctorfernandopifarre.com\/wp-content\/uploads\/2023\/02\/favicon.png","width":366,"height":502,"caption":"fpifarre"},"logo":{"@id":"https:\/\/doctorfernandopifarre.com\/wp-content\/uploads\/2023\/02\/favicon.png"},"description":"Dr. en Medicina i Cirurgia (Facultat medicina UdL) metge especialista via MIR en medicina del'educaci\u00f3 f\u00edsica i l'esport (Hospital Cl\u00ednic. Barcelona). Diplomat Universitari en Podologia (UB. Campus de Bellvitge). T\u00e8cnic ortop\u00e8dic oficial (UB. Hospital Cl\u00ednic Barcelona). Cap del servei Medicina Esportiva. Generalitat Catalunya a Lleida. CAP 11 de Setembre Professor Biomec\u00e0nica. (UdL. Universitat Central de Catalunya)","sameAs":["http:\/\/doctorfernandopifarre.com"]}]}},"_links":{"self":[{"href":"https:\/\/doctorfernandopifarre.com\/es\/wp-json\/wp\/v2\/pages\/4924","targetHints":{"allow":["GET"]}}],"collection":[{"href":"https:\/\/doctorfernandopifarre.com\/es\/wp-json\/wp\/v2\/pages"}],"about":[{"href":"https:\/\/doctorfernandopifarre.com\/es\/wp-json\/wp\/v2\/types\/page"}],"author":[{"embeddable":true,"href":"https:\/\/doctorfernandopifarre.com\/es\/wp-json\/wp\/v2\/users\/1"}],"replies":[{"embeddable":true,"href":"https:\/\/doctorfernandopifarre.com\/es\/wp-json\/wp\/v2\/comments?post=4924"}],"version-history":[{"count":0,"href":"https:\/\/doctorfernandopifarre.com\/es\/wp-json\/wp\/v2\/pages\/4924\/revisions"}],"wp:featuredmedia":[{"embeddable":true,"href":"https:\/\/doctorfernandopifarre.com\/es\/wp-json\/wp\/v2\/media\/4836"}],"wp:attachment":[{"href":"https:\/\/doctorfernandopifarre.com\/es\/wp-json\/wp\/v2\/media?parent=4924"}],"curies":[{"name":"wp","href":"https:\/\/api.w.org\/{rel}","templated":true}]}}